{"id":5102,"date":"2024-01-10T16:51:11","date_gmt":"2024-01-10T16:51:11","guid":{"rendered":"https:\/\/visitrydal.com\/events\/varmarknad-i-herrgardstradgarden\/"},"modified":"2024-01-10T16:51:11","modified_gmt":"2024-01-10T16:51:11","slug":"varmarknad-i-herrgardstradgarden","status":"publish","type":"events","link":"https:\/\/visitrydal.com\/en\/events\/varmarknad-i-herrgardstradgarden\/","title":{"rendered":"Spring market in Herrg\u00e5rdstr\u00e4dg\u00e5rden"},"content":{"rendered":"<p>We traditionally celebrate spring in our Manor Garden before it&#039;s time to light the fire down by the clubhouse. Walk around among the market stalls and buy spring garden plants, delicious delicacies and other things that belong to spring. We hope the weather permits outdoor lunch so we can enjoy the spring sunshine. <\/p>","protected":false},"featured_media":0,"template":"","class_list":["post-5102","events","type-events","status-publish","hentry","no-img-post","blog-post"],"yoast_head":"<!-- This site is optimized with the Yoast SEO plugin v27.5 - https:\/\/yoast.com\/product\/yoast-seo-wordpress\/ -->\n<title>V\u00e5rmarknad i Herrg\u00e5rdstr\u00e4dg\u00e5rden - Visit Rydal<\/title>\n<meta name=\"robots\" content=\"index, follow, max-snippet:-1, max-image-preview:large, max-video-preview:-1\" \/>\n<link rel=\"canonical\" href=\"https:\/\/visitrydal.com\/en\/events\/varmarknad-i-herrgardstradgarden\/\" \/>\n<meta property=\"og:locale\" content=\"en_GB\" \/>\n<meta property=\"og:type\" content=\"article\" \/>\n<meta property=\"og:title\" content=\"V\u00e5rmarknad i Herrg\u00e5rdstr\u00e4dg\u00e5rden - Visit Rydal\" \/>\n<meta property=\"og:description\" content=\"Vi firar traditionsenligt in v\u00e5ren i v\u00e5r Herrg\u00e5rdstr\u00e4dg\u00e5rd innan det \u00e4r dags f\u00f6r brast\u00e4ndning nere vid klubbhuset. G\u00e5 runt bland marknadsst\u00e5nden och handla v\u00e5rens tr\u00e4dg\u00e5rdsplantor, goda delikatesser och annat som h\u00f6r v\u00e5ren till. Vi hoppas v\u00e4dret till\u00e5ter uteservering av lunch s\u00e5 vi kan njuta av v\u00e5rens solstr\u00e5lar.\" \/>\n<meta property=\"og:url\" content=\"https:\/\/visitrydal.com\/en\/events\/varmarknad-i-herrgardstradgarden\/\" \/>\n<meta property=\"og:site_name\" content=\"Visit Rydal\" \/>\n<meta name=\"twitter:card\" content=\"summary_large_image\" \/>\n<script type=\"application\/ld+json\" class=\"yoast-schema-graph\">{\"@context\":\"https:\\\/\\\/schema.org\",\"@graph\":[{\"@type\":\"WebPage\",\"@id\":\"https:\\\/\\\/visitrydal.com\\\/events\\\/varmarknad-i-herrgardstradgarden\\\/\",\"url\":\"https:\\\/\\\/visitrydal.com\\\/events\\\/varmarknad-i-herrgardstradgarden\\\/\",\"name\":\"V\u00e5rmarknad i Herrg\u00e5rdstr\u00e4dg\u00e5rden - Visit Rydal\",\"isPartOf\":{\"@id\":\"https:\\\/\\\/visitrydal.com\\\/#website\"},\"datePublished\":\"2024-01-10T16:51:11+00:00\",\"breadcrumb\":{\"@id\":\"https:\\\/\\\/visitrydal.com\\\/events\\\/varmarknad-i-herrgardstradgarden\\\/#breadcrumb\"},\"inLanguage\":\"en-GB\",\"potentialAction\":[{\"@type\":\"ReadAction\",\"target\":[\"https:\\\/\\\/visitrydal.com\\\/events\\\/varmarknad-i-herrgardstradgarden\\\/\"]}]},{\"@type\":\"BreadcrumbList\",\"@id\":\"https:\\\/\\\/visitrydal.com\\\/events\\\/varmarknad-i-herrgardstradgarden\\\/#breadcrumb\",\"itemListElement\":[{\"@type\":\"ListItem\",\"position\":1,\"name\":\"Home\",\"item\":\"https:\\\/\\\/visitrydal.com\\\/\"},{\"@type\":\"ListItem\",\"position\":2,\"name\":\"V\u00e5rmarknad i Herrg\u00e5rdstr\u00e4dg\u00e5rden\"}]},{\"@type\":\"WebSite\",\"@id\":\"https:\\\/\\\/visitrydal.com\\\/#website\",\"url\":\"https:\\\/\\\/visitrydal.com\\\/\",\"name\":\"Visit Rydal\",\"description\":\"\",\"publisher\":{\"@id\":\"https:\\\/\\\/visitrydal.com\\\/#organization\"},\"potentialAction\":[{\"@type\":\"SearchAction\",\"target\":{\"@type\":\"EntryPoint\",\"urlTemplate\":\"https:\\\/\\\/visitrydal.com\\\/?s={search_term_string}\"},\"query-input\":{\"@type\":\"PropertyValueSpecification\",\"valueRequired\":true,\"valueName\":\"search_term_string\"}}],\"inLanguage\":\"en-GB\"},{\"@type\":\"Organization\",\"@id\":\"https:\\\/\\\/visitrydal.com\\\/#organization\",\"name\":\"Visit Rydal\",\"url\":\"https:\\\/\\\/visitrydal.com\\\/\",\"logo\":{\"@type\":\"ImageObject\",\"inLanguage\":\"en-GB\",\"@id\":\"https:\\\/\\\/visitrydal.com\\\/#\\\/schema\\\/logo\\\/image\\\/\",\"url\":\"https:\\\/\\\/visitrydal.com\\\/wp-content\\\/uploads\\\/2023\\\/06\\\/cropped-siteicon.png\",\"contentUrl\":\"https:\\\/\\\/visitrydal.com\\\/wp-content\\\/uploads\\\/2023\\\/06\\\/cropped-siteicon.png\",\"width\":512,\"height\":512,\"caption\":\"Visit Rydal\"},\"image\":{\"@id\":\"https:\\\/\\\/visitrydal.com\\\/#\\\/schema\\\/logo\\\/image\\\/\"}}]}<\/script>\n<!-- \/ Yoast SEO plugin. -->","yoast_head_json":{"title":"V\u00e5rmarknad i Herrg\u00e5rdstr\u00e4dg\u00e5rden - Visit Rydal","robots":{"index":"index","follow":"follow","max-snippet":"max-snippet:-1","max-image-preview":"max-image-preview:large","max-video-preview":"max-video-preview:-1"},"canonical":"https:\/\/visitrydal.com\/en\/events\/varmarknad-i-herrgardstradgarden\/","og_locale":"en_GB","og_type":"article","og_title":"V\u00e5rmarknad i Herrg\u00e5rdstr\u00e4dg\u00e5rden - Visit Rydal","og_description":"Vi firar traditionsenligt in v\u00e5ren i v\u00e5r Herrg\u00e5rdstr\u00e4dg\u00e5rd innan det \u00e4r dags f\u00f6r brast\u00e4ndning nere vid klubbhuset. G\u00e5 runt bland marknadsst\u00e5nden och handla v\u00e5rens tr\u00e4dg\u00e5rdsplantor, goda delikatesser och annat som h\u00f6r v\u00e5ren till. Vi hoppas v\u00e4dret till\u00e5ter uteservering av lunch s\u00e5 vi kan njuta av v\u00e5rens solstr\u00e5lar.","og_url":"https:\/\/visitrydal.com\/en\/events\/varmarknad-i-herrgardstradgarden\/","og_site_name":"Visit Rydal","twitter_card":"summary_large_image","schema":{"@context":"https:\/\/schema.org","@graph":[{"@type":"WebPage","@id":"https:\/\/visitrydal.com\/events\/varmarknad-i-herrgardstradgarden\/","url":"https:\/\/visitrydal.com\/events\/varmarknad-i-herrgardstradgarden\/","name":"V\u00e5rmarknad i Herrg\u00e5rdstr\u00e4dg\u00e5rden - Visit Rydal","isPartOf":{"@id":"https:\/\/visitrydal.com\/#website"},"datePublished":"2024-01-10T16:51:11+00:00","breadcrumb":{"@id":"https:\/\/visitrydal.com\/events\/varmarknad-i-herrgardstradgarden\/#breadcrumb"},"inLanguage":"en-GB","potentialAction":[{"@type":"ReadAction","target":["https:\/\/visitrydal.com\/events\/varmarknad-i-herrgardstradgarden\/"]}]},{"@type":"BreadcrumbList","@id":"https:\/\/visitrydal.com\/events\/varmarknad-i-herrgardstradgarden\/#breadcrumb","itemListElement":[{"@type":"ListItem","position":1,"name":"Home","item":"https:\/\/visitrydal.com\/"},{"@type":"ListItem","position":2,"name":"V\u00e5rmarknad i Herrg\u00e5rdstr\u00e4dg\u00e5rden"}]},{"@type":"WebSite","@id":"https:\/\/visitrydal.com\/#website","url":"https:\/\/visitrydal.com\/","name":"Visit Rydal","description":"","publisher":{"@id":"https:\/\/visitrydal.com\/#organization"},"potentialAction":[{"@type":"SearchAction","target":{"@type":"EntryPoint","urlTemplate":"https:\/\/visitrydal.com\/?s={search_term_string}"},"query-input":{"@type":"PropertyValueSpecification","valueRequired":true,"valueName":"search_term_string"}}],"inLanguage":"en-GB"},{"@type":"Organization","@id":"https:\/\/visitrydal.com\/#organization","name":"Visit Rydal","url":"https:\/\/visitrydal.com\/","logo":{"@type":"ImageObject","inLanguage":"en-GB","@id":"https:\/\/visitrydal.com\/#\/schema\/logo\/image\/","url":"https:\/\/visitrydal.com\/wp-content\/uploads\/2023\/06\/cropped-siteicon.png","contentUrl":"https:\/\/visitrydal.com\/wp-content\/uploads\/2023\/06\/cropped-siteicon.png","width":512,"height":512,"caption":"Visit Rydal"},"image":{"@id":"https:\/\/visitrydal.com\/#\/schema\/logo\/image\/"}}]}},"_links":{"self":[{"href":"https:\/\/visitrydal.com\/en\/wp-json\/wp\/v2\/events\/5102","targetHints":{"allow":["GET"]}}],"collection":[{"href":"https:\/\/visitrydal.com\/en\/wp-json\/wp\/v2\/events"}],"about":[{"href":"https:\/\/visitrydal.com\/en\/wp-json\/wp\/v2\/types\/events"}],"wp:attachment":[{"href":"https:\/\/visitrydal.com\/en\/wp-json\/wp\/v2\/media?parent=5102"}],"curies":[{"name":"wp","href":"https:\/\/api.w.org\/{rel}","templated":true}]}}